{"id":53898,"date":"2023-04-25T00:13:34","date_gmt":"2023-07-30T17:35:08","guid":{"rendered":"https:\/\/www.almi.co.il\/product\/macetero-sharon\/"},"modified":"2024-02-12T14:01:59","modified_gmt":"2024-02-12T12:01:59","slug":"sharon-planter","status":"publish","type":"product","link":"https:\/\/www.almi.co.il\/es\/producto\/sharon-planter\/","title":{"rendered":"Sharon planter"},"content":{"rendered":"","protected":false},"excerpt":{"rendered":"<h2 dir=\"ltr\" style=\"text-align: left;\">Macetero Sharon: un macetero rectangular de la serie cl\u00e1sica de Almi. Tiene un dise\u00f1o cl\u00e1sico, con un acabado exterior mate\/arcilla. Una jardinera con una estructura \u00fanica, profunda y ancha<br \/>\nlo que proporciona un volumen de plantaci\u00f3n ideal para las plantas. Ideal para uso en exteriores, para colgar en barandillas, para usar en el alf\u00e9izar de la ventana, para usar en balcones y patios. La jardinera est\u00e1 disponible en 3 tama\u00f1os y en una variedad de colores diferentes.<\/h2>\n","protected":false},"featured_media":48320,"comment_status":"closed","ping_status":"closed","template":"","meta":{"_acf_changed":false},"product_brand":[],"product_cat":[1116,1114],"product_tag":[],"class_list":{"0":"post-53898","1":"product","2":"type-product","3":"status-publish","4":"has-post-thumbnail","6":"product_cat-jardineras","7":"product_cat-macetas-jardineras-y-cuencos","8":"pa_-40x19cm-x-h-18cm-es","9":"pa_-60x20cm-x-h-19cm-es","10":"pa_-85x20cm-x-h-19cm-es","11":"pa_-1187","12":"pa_-1151","13":"pa_-1213","14":"pa_-1191","15":"pa_-1161","16":"pa_-1209","17":"pa_-1195","18":"pa_-1169","19":"pa_-1201","20":"pa_-1157","21":"pa_-1173","22":"pa_-1183","23":"pa_-1181","25":"entry","26":"has-media","28":"first","29":"instock","30":"purchasable","31":"product-type-variable","32":"has-product-nav","33":"col","34":"span_1_of_5","35":"owp-content-center","36":"owp-thumbs-layout-horizontal","37":"owp-btn-normal","38":"owp-tabs-layout-horizontal"},"acf":[],"yoast_head":"<!-- This site is optimized with the Yoast SEO plugin v27.4 - https:\/\/yoast.com\/product\/yoast-seo-wordpress\/ -->\n<title>Sharon planter - \u05d0\u05dc\u05de\u05d9<\/title>\n<meta name=\"robots\" content=\"index, follow, max-snippet:-1, max-image-preview:large, max-video-preview:-1\" \/>\n<link rel=\"canonical\" href=\"https:\/\/www.almi.co.il\/es\/producto\/sharon-planter\/\" \/>\n<meta property=\"og:locale\" content=\"es_ES\" \/>\n<meta property=\"og:type\" content=\"article\" \/>\n<meta property=\"og:title\" content=\"Sharon planter - \u05d0\u05dc\u05de\u05d9\" \/>\n<meta property=\"og:description\" content=\"Macetero Sharon: un macetero rectangular de la serie cl\u00e1sica de Almi. Tiene un dise\u00f1o cl\u00e1sico, con un acabado exterior mate\/arcilla. Una jardinera con una estructura \u00fanica, profunda y ancha lo que proporciona un volumen de plantaci\u00f3n ideal para las plantas. Ideal para uso en exteriores, para colgar en barandillas, para usar en el alf\u00e9izar de la ventana, para usar en balcones y patios. La jardinera est\u00e1 disponible en 3 tama\u00f1os y en una variedad de colores diferentes.\" \/>\n<meta property=\"og:url\" content=\"https:\/\/www.almi.co.il\/es\/producto\/sharon-planter\/\" \/>\n<meta property=\"og:site_name\" content=\"\u05d0\u05dc\u05de\u05d9\" \/>\n<meta property=\"article:modified_time\" content=\"2024-02-12T12:01:59+00:00\" \/>\n<meta property=\"og:image\" content=\"https:\/\/www.almi.co.il\/wp-content\/uploads\/2023\/04\/\u05e9\u05e8\u05d5\u05df-\u05e4\u05d7\u05dd-004.jpg\" \/>\n\t<meta property=\"og:image:width\" content=\"1280\" \/>\n\t<meta property=\"og:image:height\" content=\"1280\" \/>\n\t<meta property=\"og:image:type\" content=\"image\/jpeg\" \/>\n<script type=\"application\/ld+json\" class=\"yoast-schema-graph\">{\"@context\":\"https:\\\/\\\/schema.org\",\"@graph\":[{\"@type\":\"WebPage\",\"@id\":\"https:\\\/\\\/www.almi.co.il\\\/es\\\/producto\\\/sharon-planter\\\/\",\"url\":\"https:\\\/\\\/www.almi.co.il\\\/es\\\/producto\\\/sharon-planter\\\/\",\"name\":\"Sharon planter - \u05d0\u05dc\u05de\u05d9\",\"isPartOf\":{\"@id\":\"https:\\\/\\\/www.almi.co.il\\\/#website\"},\"primaryImageOfPage\":{\"@id\":\"https:\\\/\\\/www.almi.co.il\\\/es\\\/producto\\\/sharon-planter\\\/#primaryimage\"},\"image\":{\"@id\":\"https:\\\/\\\/www.almi.co.il\\\/es\\\/producto\\\/sharon-planter\\\/#primaryimage\"},\"thumbnailUrl\":\"https:\\\/\\\/www.almi.co.il\\\/wp-content\\\/uploads\\\/2023\\\/04\\\/\u05e9\u05e8\u05d5\u05df-\u05e4\u05d7\u05dd-004.jpg\",\"datePublished\":\"2023-07-30T17:35:08+00:00\",\"dateModified\":\"2024-02-12T12:01:59+00:00\",\"breadcrumb\":{\"@id\":\"https:\\\/\\\/www.almi.co.il\\\/es\\\/producto\\\/sharon-planter\\\/#breadcrumb\"},\"inLanguage\":\"es\",\"potentialAction\":[{\"@type\":\"ReadAction\",\"target\":[\"https:\\\/\\\/www.almi.co.il\\\/es\\\/producto\\\/sharon-planter\\\/\"]}]},{\"@type\":\"ImageObject\",\"inLanguage\":\"es\",\"@id\":\"https:\\\/\\\/www.almi.co.il\\\/es\\\/producto\\\/sharon-planter\\\/#primaryimage\",\"url\":\"https:\\\/\\\/www.almi.co.il\\\/wp-content\\\/uploads\\\/2023\\\/04\\\/\u05e9\u05e8\u05d5\u05df-\u05e4\u05d7\u05dd-004.jpg\",\"contentUrl\":\"https:\\\/\\\/www.almi.co.il\\\/wp-content\\\/uploads\\\/2023\\\/04\\\/\u05e9\u05e8\u05d5\u05df-\u05e4\u05d7\u05dd-004.jpg\",\"width\":1280,\"height\":1280},{\"@type\":\"BreadcrumbList\",\"@id\":\"https:\\\/\\\/www.almi.co.il\\\/es\\\/producto\\\/sharon-planter\\\/#breadcrumb\",\"itemListElement\":[{\"@type\":\"ListItem\",\"position\":1,\"name\":\"\u05d3\u05e3 \u05d4\u05d1\u05d9\u05ea\",\"item\":\"https:\\\/\\\/www.almi.co.il\\\/\"},{\"@type\":\"ListItem\",\"position\":2,\"name\":\"\u05d7\u05e0\u05d5\u05ea\",\"item\":\"https:\\\/\\\/www.almi.co.il\\\/shop\\\/\"},{\"@type\":\"ListItem\",\"position\":3,\"name\":\"Sharon planter\"}]},{\"@type\":\"WebSite\",\"@id\":\"https:\\\/\\\/www.almi.co.il\\\/#website\",\"url\":\"https:\\\/\\\/www.almi.co.il\\\/\",\"name\":\"\u05d0\u05dc\u05de\u05d9\",\"description\":\"\u05ea\u05e2\u05e9\u05d9\u05d5\u05ea \u05e4\u05dc\u05e1\u05d8\u05d9\u05e7 \u05d1\u05e2&quot;\u05de\",\"publisher\":{\"@id\":\"https:\\\/\\\/www.almi.co.il\\\/#organization\"},\"potentialAction\":[{\"@type\":\"SearchAction\",\"target\":{\"@type\":\"EntryPoint\",\"urlTemplate\":\"https:\\\/\\\/www.almi.co.il\\\/?s={search_term_string}\"},\"query-input\":{\"@type\":\"PropertyValueSpecification\",\"valueRequired\":true,\"valueName\":\"search_term_string\"}}],\"inLanguage\":\"es\"},{\"@type\":\"Organization\",\"@id\":\"https:\\\/\\\/www.almi.co.il\\\/#organization\",\"name\":\"\u05d0\u05dc\u05de\u05d9\",\"url\":\"https:\\\/\\\/www.almi.co.il\\\/\",\"logo\":{\"@type\":\"ImageObject\",\"inLanguage\":\"es\",\"@id\":\"https:\\\/\\\/www.almi.co.il\\\/#\\\/schema\\\/logo\\\/image\\\/\",\"url\":\"https:\\\/\\\/www.almi.co.il\\\/wp-content\\\/uploads\\\/2014\\\/11\\\/logo.png\",\"contentUrl\":\"https:\\\/\\\/www.almi.co.il\\\/wp-content\\\/uploads\\\/2014\\\/11\\\/logo.png\",\"width\":278,\"height\":189,\"caption\":\"\u05d0\u05dc\u05de\u05d9\"},\"image\":{\"@id\":\"https:\\\/\\\/www.almi.co.il\\\/#\\\/schema\\\/logo\\\/image\\\/\"}}]}<\/script>\n<!-- \/ Yoast SEO plugin. -->","yoast_head_json":{"title":"Sharon planter - \u05d0\u05dc\u05de\u05d9","robots":{"index":"index","follow":"follow","max-snippet":"max-snippet:-1","max-image-preview":"max-image-preview:large","max-video-preview":"max-video-preview:-1"},"canonical":"https:\/\/www.almi.co.il\/es\/producto\/sharon-planter\/","og_locale":"es_ES","og_type":"article","og_title":"Sharon planter - \u05d0\u05dc\u05de\u05d9","og_description":"Macetero Sharon: un macetero rectangular de la serie cl\u00e1sica de Almi. Tiene un dise\u00f1o cl\u00e1sico, con un acabado exterior mate\/arcilla. Una jardinera con una estructura \u00fanica, profunda y ancha lo que proporciona un volumen de plantaci\u00f3n ideal para las plantas. Ideal para uso en exteriores, para colgar en barandillas, para usar en el alf\u00e9izar de la ventana, para usar en balcones y patios. La jardinera est\u00e1 disponible en 3 tama\u00f1os y en una variedad de colores diferentes.","og_url":"https:\/\/www.almi.co.il\/es\/producto\/sharon-planter\/","og_site_name":"\u05d0\u05dc\u05de\u05d9","article_modified_time":"2024-02-12T12:01:59+00:00","og_image":[{"width":1280,"height":1280,"url":"https:\/\/www.almi.co.il\/wp-content\/uploads\/2023\/04\/\u05e9\u05e8\u05d5\u05df-\u05e4\u05d7\u05dd-004.jpg","type":"image\/jpeg"}],"schema":{"@context":"https:\/\/schema.org","@graph":[{"@type":"WebPage","@id":"https:\/\/www.almi.co.il\/es\/producto\/sharon-planter\/","url":"https:\/\/www.almi.co.il\/es\/producto\/sharon-planter\/","name":"Sharon planter - \u05d0\u05dc\u05de\u05d9","isPartOf":{"@id":"https:\/\/www.almi.co.il\/#website"},"primaryImageOfPage":{"@id":"https:\/\/www.almi.co.il\/es\/producto\/sharon-planter\/#primaryimage"},"image":{"@id":"https:\/\/www.almi.co.il\/es\/producto\/sharon-planter\/#primaryimage"},"thumbnailUrl":"https:\/\/www.almi.co.il\/wp-content\/uploads\/2023\/04\/\u05e9\u05e8\u05d5\u05df-\u05e4\u05d7\u05dd-004.jpg","datePublished":"2023-07-30T17:35:08+00:00","dateModified":"2024-02-12T12:01:59+00:00","breadcrumb":{"@id":"https:\/\/www.almi.co.il\/es\/producto\/sharon-planter\/#breadcrumb"},"inLanguage":"es","potentialAction":[{"@type":"ReadAction","target":["https:\/\/www.almi.co.il\/es\/producto\/sharon-planter\/"]}]},{"@type":"ImageObject","inLanguage":"es","@id":"https:\/\/www.almi.co.il\/es\/producto\/sharon-planter\/#primaryimage","url":"https:\/\/www.almi.co.il\/wp-content\/uploads\/2023\/04\/\u05e9\u05e8\u05d5\u05df-\u05e4\u05d7\u05dd-004.jpg","contentUrl":"https:\/\/www.almi.co.il\/wp-content\/uploads\/2023\/04\/\u05e9\u05e8\u05d5\u05df-\u05e4\u05d7\u05dd-004.jpg","width":1280,"height":1280},{"@type":"BreadcrumbList","@id":"https:\/\/www.almi.co.il\/es\/producto\/sharon-planter\/#breadcrumb","itemListElement":[{"@type":"ListItem","position":1,"name":"\u05d3\u05e3 \u05d4\u05d1\u05d9\u05ea","item":"https:\/\/www.almi.co.il\/"},{"@type":"ListItem","position":2,"name":"\u05d7\u05e0\u05d5\u05ea","item":"https:\/\/www.almi.co.il\/shop\/"},{"@type":"ListItem","position":3,"name":"Sharon planter"}]},{"@type":"WebSite","@id":"https:\/\/www.almi.co.il\/#website","url":"https:\/\/www.almi.co.il\/","name":"\u05d0\u05dc\u05de\u05d9","description":"\u05ea\u05e2\u05e9\u05d9\u05d5\u05ea \u05e4\u05dc\u05e1\u05d8\u05d9\u05e7 \u05d1\u05e2&quot;\u05de","publisher":{"@id":"https:\/\/www.almi.co.il\/#organization"},"potentialAction":[{"@type":"SearchAction","target":{"@type":"EntryPoint","urlTemplate":"https:\/\/www.almi.co.il\/?s={search_term_string}"},"query-input":{"@type":"PropertyValueSpecification","valueRequired":true,"valueName":"search_term_string"}}],"inLanguage":"es"},{"@type":"Organization","@id":"https:\/\/www.almi.co.il\/#organization","name":"\u05d0\u05dc\u05de\u05d9","url":"https:\/\/www.almi.co.il\/","logo":{"@type":"ImageObject","inLanguage":"es","@id":"https:\/\/www.almi.co.il\/#\/schema\/logo\/image\/","url":"https:\/\/www.almi.co.il\/wp-content\/uploads\/2014\/11\/logo.png","contentUrl":"https:\/\/www.almi.co.il\/wp-content\/uploads\/2014\/11\/logo.png","width":278,"height":189,"caption":"\u05d0\u05dc\u05de\u05d9"},"image":{"@id":"https:\/\/www.almi.co.il\/#\/schema\/logo\/image\/"}}]}},"_links":{"self":[{"href":"https:\/\/www.almi.co.il\/es\/wp-json\/wp\/v2\/product\/53898","targetHints":{"allow":["GET"]}}],"collection":[{"href":"https:\/\/www.almi.co.il\/es\/wp-json\/wp\/v2\/product"}],"about":[{"href":"https:\/\/www.almi.co.il\/es\/wp-json\/wp\/v2\/types\/product"}],"replies":[{"embeddable":true,"href":"https:\/\/www.almi.co.il\/es\/wp-json\/wp\/v2\/comments?post=53898"}],"wp:featuredmedia":[{"embeddable":true,"href":"https:\/\/www.almi.co.il\/es\/wp-json\/wp\/v2\/media\/48320"}],"wp:attachment":[{"href":"https:\/\/www.almi.co.il\/es\/wp-json\/wp\/v2\/media?parent=53898"}],"wp:term":[{"taxonomy":"product_brand","embeddable":true,"href":"https:\/\/www.almi.co.il\/es\/wp-json\/wp\/v2\/product_brand?post=53898"},{"taxonomy":"product_cat","embeddable":true,"href":"https:\/\/www.almi.co.il\/es\/wp-json\/wp\/v2\/product_cat?post=53898"},{"taxonomy":"product_tag","embeddable":true,"href":"https:\/\/www.almi.co.il\/es\/wp-json\/wp\/v2\/product_tag?post=53898"}],"curies":[{"name":"wp","href":"https:\/\/api.w.org\/{rel}","templated":true}]}}